{"id":11,"date":"2013-11-04T00:55:18","date_gmt":"2013-11-04T03:55:18","guid":{"rendered":"http:\/\/www.nasacomputacion.com.ar\/site\/?p=11"},"modified":"2023-05-23T20:44:30","modified_gmt":"2023-05-23T23:44:30","slug":"diseno-grafico","status":"publish","type":"product","link":"https:\/\/nasacomputacion.com.ar\/sitio\/producto\/diseno-grafico\/","title":{"rendered":"Dise\u00f1o Gr\u00e1fico"},"content":{"rendered":"<h3><span style=\"color: #045cb4;\"><strong>Objetivos Generales: <\/strong><\/span><\/h3>\n<p>Los egresados de esta especialidad est\u00e1n capacitados para elaborar proyectos de dise\u00f1o que complementen todas las necesidades gr\u00e1ficas y de comunicaci\u00f3n de una empresa. Se estudian los diferentes programas que contribuyen a la ejecuci\u00f3n de las distintas etapas del proceso, incorporando tambi\u00e9n conceptos de comunicaci\u00f3n visual.<\/p>\n<p><strong>Duraci\u00f3n: 5 meses (8 clases mensuales) \u2013 10 meses (4 clases mensuales).<\/strong><\/p>\n<p><strong>Contenidos.<\/strong><\/p>\n<h3><span style=\"color: #045cb4;\"><strong>Fundamentos del Dise\u00f1o<\/strong><\/span><\/h3>\n<p><strong>Objetivos<\/strong><br \/>\nSe presentan los conceptos y definiciones tener en cuenta para el Dise\u00f1o. Se indican los \u00e1mbitos de aplicaci\u00f3n, los elementos b\u00e1sicos de comunicaci\u00f3n e interpretaci\u00f3n, el concepto de Textura, la Teor\u00eda Crom\u00e1tico y la Psicolog\u00eda del Color<\/p>\n<p>\u2022 El Dise\u00f1o<br \/>\n\u2022 Las Formas<br \/>\n\u2022 Espacio y Formato<br \/>\n\u2022 El Color<br \/>\n\u2022 El Contraste<br \/>\n\u2022 Tipograf\u00eda<\/p>\n<h3><span style=\"color: #045cb4;\"><strong>Corel DRAW <\/strong><\/span><\/h3>\n<p><strong>Objetivos<\/strong><br \/>\nPresenta el espacio de trabajo de la aplicaci\u00f3n de dise\u00f1o gr\u00e1fico Corel DRAW y las t\u00e9cnicas de edici\u00f3n de im\u00e1genes vectoriales creando distintos tipos de objetos, introduciendo textos, aplicando distintos efectos, etc., para crear ilustraciones para publicidad, moda, Internet, etc.<\/p>\n<p>\u2022 Introducci\u00f3n a CorelDRAW<br \/>\n\u2022 Trabajo con archivos<br \/>\n\u2022 Configuraci\u00f3n de los dibujos<br \/>\n\u2022 Dibujo de objetos<br \/>\n\u2022 Relleno de objetos<br \/>\n\u2022 Configurar l\u00edneas y contornos<br \/>\n\u2022 Seleccionar objetos<br \/>\n\u2022 Modelar l\u00edneas y contornos<br \/>\n\u2022 Organizaci\u00f3n de objetos<br \/>\n\u2022 Incluir texto<br \/>\n\u2022 Correcci\u00f3n del texto<br \/>\n\u2022 Formato del texto<br \/>\n\u2022 Efectos especiales<br \/>\n\u2022 Base de datos e im\u00e1genes<br \/>\n\u2022 Publicar documentos<br \/>\n\u2022 Impresi\u00f3n<br \/>\n\u2022 Utilidades gr\u00e1ficas<\/p>\n<h3><span style=\"color: #045cb4;\"><strong>Adobe Photoshop <\/strong><\/span><\/h3>\n<p><strong>Objetivos<\/strong><br \/>\nPresenta el espacio de trabajo de Photoshop y las t\u00e9cnicas b\u00e1sicas de edici\u00f3n de im\u00e1genes: dibujo con distintas herramientas, trabajo con capas, correcci\u00f3n del color, retoque de im\u00e1genes, impresi\u00f3n, etc.<\/p>\n<p>\u2022 Primeros pasos en Photoshop<br \/>\n\u2022 Abrir y guardar im\u00e1genes<br \/>\n\u2022 El espacio de trabajo<br \/>\n\u2022 Moverse por la imagen<br \/>\n\u2022 Dibujar con el l\u00e1piz<br \/>\n\u2022 Pintar con el pincel<br \/>\n\u2022 Seleccionar<br \/>\n\u2022 Im\u00e1genes con capas<br \/>\n\u2022 Rellenar de color<br \/>\n\u2022 Dibujar con trazados<br \/>\n\u2022 Ajustar el color<br \/>\n\u2022 Retocar im\u00e1genes<br \/>\n\u2022 Texto en las im\u00e1genes<br \/>\n\u2022 Imprimir la imagen<\/p>\n<h3><span style=\"color: #045cb4;\"><strong>Adobe Illustrator <\/strong><\/span><\/h3>\n<p><strong>Objetivos<\/strong><br \/>\nCurso para aprender a utilizar el programa Adobe Illustrator. \u00c9ste es uno de los programas de dise\u00f1o vectorial m\u00e1s utilizados y extendidos en la actualidad, debido a su potencia y a la gran cantidad de herramientas y opciones de que dispone. Con \u00e9l se pueden crear y dise\u00f1ar logotipos, anuncios, ilustraciones para libros, revistas o p\u00e1ginas web, car\u00e1tulas, folletos o etiquetas de CDs y DVDs, etc.<\/p>\n<p>\u2022 Introducci\u00f3n a Illustrator<br \/>\n\u2022 Trabajar con documentos<br \/>\n\u2022 Empezando a dibujar<br \/>\n\u2022 Dibujo y edici\u00f3n de trazados<br \/>\n\u2022 Trabajar con colores<br \/>\n\u2022 Transformar objetos<br \/>\n\u2022 Organizaci\u00f3n de objetos<br \/>\n\u2022 Opciones avanzadas de dibujo<br \/>\n\u2022 A\u00f1adir texto<br \/>\n\u2022 Im\u00e1genes de mapa de bits<br \/>\n\u2022 Efectos especiales<br \/>\n\u2022 Trabajo avanzado con colores<br \/>\n\u2022 Mallas y s\u00edmbolos<br \/>\n\u2022 Crear gr\u00e1ficas<br \/>\n\u2022 Dise\u00f1ar para la Web<br \/>\n\u2022 Impresi\u00f3n de documentos<\/p>\n","protected":false},"excerpt":{"rendered":"<p>Objetivos Generales: Los egresados de esta especialidad est\u00e1n capacitados para elaborar proyectos de dise\u00f1o que complementen todas las necesidades gr\u00e1ficas y de comunicaci\u00f3n de una empresa. Se estudian los diferentes programas que contribuyen a la ejecuci\u00f3n de las distintas etapas del proceso, incorporando tambi\u00e9n conceptos de comunicaci\u00f3n visual. Duraci\u00f3n: 5 meses (8 clases mensuales) \u2013 &hellip;<\/p>\n<p class=\"read-more\"> <a class=\"\" href=\"https:\/\/nasacomputacion.com.ar\/sitio\/producto\/diseno-grafico\/\"> <span class=\"screen-reader-text\">Dise\u00f1o Gr\u00e1fico<\/span> Leer m\u00e1s &raquo;<\/a><\/p>\n","protected":false},"featured_media":2923,"template":"","meta":{"inline_featured_image":false,"site-sidebar-layout":"default","site-content-layout":"default","ast-global-header-display":"","ast-main-header-display":"","ast-hfb-above-header-display":"","ast-hfb-below-header-display":"","ast-hfb-mobile-header-display":"","site-post-title":"","ast-breadcrumbs-content":"","ast-featured-img":"","footer-sml-layout":"","theme-transparent-header-meta":"default","adv-header-id-meta":"","stick-header-meta":"","header-above-stick-meta":"","header-main-stick-meta":"","header-below-stick-meta":"","_joinchat":[]},"product_cat":[85],"product_tag":[],"class_list":["post-11","product","type-product","status-publish","has-post-thumbnail","hentry","product_cat-especializaciones","desktop-align-left","tablet-align-left","mobile-align-left"],"_links":{"self":[{"href":"https:\/\/nasacomputacion.com.ar\/sitio\/wp-json\/wp\/v2\/product\/11","targetHints":{"allow":["GET"]}}],"collection":[{"href":"https:\/\/nasacomputacion.com.ar\/sitio\/wp-json\/wp\/v2\/product"}],"about":[{"href":"https:\/\/nasacomputacion.com.ar\/sitio\/wp-json\/wp\/v2\/types\/product"}],"wp:featuredmedia":[{"embeddable":true,"href":"https:\/\/nasacomputacion.com.ar\/sitio\/wp-json\/wp\/v2\/media\/2923"}],"wp:attachment":[{"href":"https:\/\/nasacomputacion.com.ar\/sitio\/wp-json\/wp\/v2\/media?parent=11"}],"wp:term":[{"taxonomy":"product_cat","embeddable":true,"href":"https:\/\/nasacomputacion.com.ar\/sitio\/wp-json\/wp\/v2\/product_cat?post=11"},{"taxonomy":"product_tag","embeddable":true,"href":"https:\/\/nasacomputacion.com.ar\/sitio\/wp-json\/wp\/v2\/product_tag?post=11"}],"curies":[{"name":"wp","href":"https:\/\/api.w.org\/{rel}","templated":true}]}}